{"id":42,"date":"2017-12-15T16:15:00","date_gmt":"2017-12-15T15:15:00","guid":{"rendered":"http:\/\/entreprendrexxl.be\/?page_id=42"},"modified":"2022-04-01T12:24:50","modified_gmt":"2022-04-01T10:24:50","slug":"nos-partenaires","status":"publish","type":"page","link":"https:\/\/entreprendrexxl.be\/nl\/nos-partenaires\/","title":{"rendered":"Onze partners &#8211; Onze projecten"},"content":{"rendered":"<p>[vc_row][vc_column width=&#8221;2\/3&#8243;]<div class=\"td_block_wrap td_block_11 td_uid_1_6a9565d53351e_rand td_with_ajax_pagination td-pb-border-top td_block_template_2 td-column-1\"  data-td-block-uid=\"td_uid_1_6a9565d53351e\" ><script>var block_td_uid_1_6a9565d53351e = new tdBlock();\nblock_td_uid_1_6a9565d53351e.id = \"td_uid_1_6a9565d53351e\";\nblock_td_uid_1_6a9565d53351e.atts = '{\"limit\":\"3\",\"sort\":\"oldest_posts\",\"post_ids\":\"\",\"tag_slug\":\"\",\"autors_id\":\"\",\"installed_post_types\":\"\",\"category_id\":\"4\",\"category_ids\":\"\",\"custom_title\":\"Onze partners\",\"custom_url\":\"\",\"show_child_cat\":\"\",\"sub_cat_ajax\":\"\",\"ajax_pagination\":\"next_prev\",\"header_color\":\"\",\"header_text_color\":\"\",\"ajax_pagination_infinite_stop\":\"\",\"td_column_number\":1,\"td_ajax_preloading\":\"\",\"td_ajax_filter_type\":\"\",\"td_ajax_filter_ids\":\"\",\"td_filter_default_txt\":\"Alle\",\"color_preset\":\"\",\"border_top\":\"\",\"class\":\"td_uid_1_6a9565d53351e_rand\",\"el_class\":\"\",\"offset\":\"\",\"css\":\"\",\"tdc_css\":\"\",\"tdc_css_class\":\"td_uid_1_6a9565d53351e_rand\",\"tdc_css_class_style\":\"td_uid_1_6a9565d53351e_rand_style\",\"live_filter\":\"\",\"live_filter_cur_post_id\":\"\",\"live_filter_cur_post_author\":\"\",\"block_template_id\":\"\"}';\nblock_td_uid_1_6a9565d53351e.td_column_number = \"1\";\nblock_td_uid_1_6a9565d53351e.block_type = \"td_block_11\";\nblock_td_uid_1_6a9565d53351e.post_count = \"3\";\nblock_td_uid_1_6a9565d53351e.found_posts = \"9\";\nblock_td_uid_1_6a9565d53351e.header_color = \"\";\nblock_td_uid_1_6a9565d53351e.ajax_pagination_infinite_stop = \"\";\nblock_td_uid_1_6a9565d53351e.max_num_pages = \"3\";\ntdBlocksArray.push(block_td_uid_1_6a9565d53351e);\n<\/script><div class=\"td-block-title-wrap\"><h4 class=\"td-block-title\"><span class=\"td-pulldown-size\">Onze partners<\/span><\/h4><\/div><div id=td_uid_1_6a9565d53351e class=\"td_block_inner\">\n\n\t<div class=\"td-block-span12\">\n\r\n        <div class=\"td_module_10 td_module_wrap td-animation-stack td-meta-info-hide\">\r\n            <div class=\"td-module-thumb\"><a href=\"https:\/\/entreprendrexxl.be\/nl\/women-in-business\/\" rel=\"bookmark\" title=\"Women in Business\"><img loading=\"lazy\" decoding=\"async\" width=\"218\" height=\"150\" class=\"entry-thumb\" src=\"https:\/\/entreprendrexxl.be\/wp-content\/uploads\/2017\/12\/womeninbusiness-1-218x150.jpg\" srcset=\"https:\/\/entreprendrexxl.be\/wp-content\/uploads\/2017\/12\/womeninbusiness-1-218x150.jpg 218w, https:\/\/entreprendrexxl.be\/wp-content\/uploads\/2017\/12\/womeninbusiness-1-100x70.jpg 100w, https:\/\/entreprendrexxl.be\/wp-content\/uploads\/2017\/12\/womeninbusiness-1.jpg 734w\" sizes=\"auto, (max-width: 218px) 100vw, 218px\" alt=\"\" title=\"Women in Business\"\/><\/a><\/div>\r\n            <div class=\"item-details\">\r\n            <h3 class=\"entry-title td-module-title\"><a href=\"https:\/\/entreprendrexxl.be\/nl\/women-in-business\/\" rel=\"bookmark\" title=\"Women in Business\">Women in Business<\/a><\/h3>\r\n                <div class=\"td-module-meta-info\">\r\n                    <a href=\"https:\/\/entreprendrexxl.be\/nl\/category\/partenaires\/\" class=\"td-post-category\">Partners<\/a>                                                                                        <\/div>\r\n\r\n                <div class=\"td-excerpt\">\r\n                    In Belgi\u00eb bedraagt het percentage vrouwen dat betrokken is bij de start van een bedrijf slechts 5 %, wat onder het Europese gemiddelde van 5,7 %* ligt. De noodzaak om in...                <\/div>\r\n            <\/div>\r\n\r\n        <\/div>\r\n\r\n        \n\t<\/div> <!-- .\/td-block-span12 -->\n\n\t<div class=\"td-block-span12\">\n\r\n        <div class=\"td_module_10 td_module_wrap td-animation-stack td-meta-info-hide\">\r\n            <div class=\"td-module-thumb\"><a href=\"https:\/\/entreprendrexxl.be\/nl\/gel-dansaert\/\" rel=\"bookmark\" title=\"GEL Dansaert\"><img loading=\"lazy\" decoding=\"async\" width=\"218\" height=\"150\" class=\"entry-thumb\" src=\"https:\/\/entreprendrexxl.be\/wp-content\/uploads\/2017\/12\/geleconomielocale-1-218x150.jpg\" srcset=\"https:\/\/entreprendrexxl.be\/wp-content\/uploads\/2017\/12\/geleconomielocale-1-218x150.jpg 218w, https:\/\/entreprendrexxl.be\/wp-content\/uploads\/2017\/12\/geleconomielocale-1-100x70.jpg 100w, https:\/\/entreprendrexxl.be\/wp-content\/uploads\/2017\/12\/geleconomielocale-1.jpg 734w\" sizes=\"auto, (max-width: 218px) 100vw, 218px\" alt=\"\" title=\"GEL Dansaert\"\/><\/a><\/div>\r\n            <div class=\"item-details\">\r\n            <h3 class=\"entry-title td-module-title\"><a href=\"https:\/\/entreprendrexxl.be\/nl\/gel-dansaert\/\" rel=\"bookmark\" title=\"GEL Dansaert\">GEL Dansaert<\/a><\/h3>\r\n                <div class=\"td-module-meta-info\">\r\n                    <a href=\"https:\/\/entreprendrexxl.be\/nl\/category\/partenaires\/\" class=\"td-post-category\">Partners<\/a>                                                                                        <\/div>\r\n\r\n                <div class=\"td-excerpt\">\r\n                    Het LEL Dansaert begeleidt nieuwe en bestaande projectverantwoordelijken in het Brussels Hoofdstedelijk gewest bij het beheer van hun activiteiten. Via dit partnerschap kunnen initiatiefnemers van projecten in de perimeter van het...                <\/div>\r\n            <\/div>\r\n\r\n        <\/div>\r\n\r\n        \n\t<\/div> <!-- .\/td-block-span12 -->\n\n\t<div class=\"td-block-span12\">\n\r\n        <div class=\"td_module_10 td_module_wrap td-animation-stack td-meta-info-hide\">\r\n            <div class=\"td-module-thumb\"><a href=\"https:\/\/entreprendrexxl.be\/nl\/gel-entreprendre\/\" rel=\"bookmark\" title=\"Ondernemingsloket\"><img loading=\"lazy\" decoding=\"async\" width=\"218\" height=\"150\" class=\"entry-thumb\" src=\"https:\/\/entreprendrexxl.be\/wp-content\/uploads\/2017\/12\/guichet-entreprendre-218x150.jpg\" srcset=\"https:\/\/entreprendrexxl.be\/wp-content\/uploads\/2017\/12\/guichet-entreprendre-218x150.jpg 218w, https:\/\/entreprendrexxl.be\/wp-content\/uploads\/2017\/12\/guichet-entreprendre-100x70.jpg 100w, https:\/\/entreprendrexxl.be\/wp-content\/uploads\/2017\/12\/guichet-entreprendre.jpg 734w\" sizes=\"auto, (max-width: 218px) 100vw, 218px\" alt=\"\" title=\"Ondernemingsloket\"\/><\/a><\/div>\r\n            <div class=\"item-details\">\r\n            <h3 class=\"entry-title td-module-title\"><a href=\"https:\/\/entreprendrexxl.be\/nl\/gel-entreprendre\/\" rel=\"bookmark\" title=\"Ondernemingsloket\">Ondernemingsloket<\/a><\/h3>\r\n                <div class=\"td-module-meta-info\">\r\n                    <a href=\"https:\/\/entreprendrexxl.be\/nl\/category\/partenaires\/\" class=\"td-post-category\">Partners<\/a>                                                                                        <\/div>\r\n\r\n                <div class=\"td-excerpt\">\r\n                    Ondernemingsloket: het gemeentelijk ondernemingsloket is een dienst binnen de cel Economische ontwikkeling. In partnerschap met andere structuren staat het ondernemingsloket projectverantwoordelijken bij die zich willen vestigen in de gemeente Elsene.\r\nEr wordt...                <\/div>\r\n            <\/div>\r\n\r\n        <\/div>\r\n\r\n        \n\t<\/div> <!-- .\/td-block-span12 --><\/div><div class=\"td-next-prev-wrap\"><a href=\"#\" class=\"td-ajax-prev-page ajax-page-disabled\" id=\"prev-page-td_uid_1_6a9565d53351e\" data-td_block_id=\"td_uid_1_6a9565d53351e\"><i class=\"td-icon-font td-icon-menu-left\"><\/i><\/a><a href=\"#\"  class=\"td-ajax-next-page\" id=\"next-page-td_uid_1_6a9565d53351e\" data-td_block_id=\"td_uid_1_6a9565d53351e\"><i class=\"td-icon-font td-icon-menu-right\"><\/i><\/a><\/div><\/div> <!-- .\/block -->[vc_empty_space][vc_raw_html]JTNDZGl2JTIwaWQlM0QlMjJhZ2VuZGElMjIlM0UlM0MlMkZkaXYlM0U=[\/vc_raw_html]<div class=\"td_block_wrap td_block_11 td_uid_2_6a9565d53716c_rand td_with_ajax_pagination td-pb-border-top td_block_template_2 td-column-1\"  data-td-block-uid=\"td_uid_2_6a9565d53716c\" ><script>var block_td_uid_2_6a9565d53716c = new tdBlock();\nblock_td_uid_2_6a9565d53716c.id = \"td_uid_2_6a9565d53716c\";\nblock_td_uid_2_6a9565d53716c.atts = '{\"limit\":\"3\",\"sort\":\"\",\"post_ids\":\"\",\"tag_slug\":\"\",\"autors_id\":\"\",\"installed_post_types\":\"\",\"category_id\":\"7\",\"category_ids\":\"\",\"custom_title\":\"Agenda\",\"custom_url\":\"\",\"show_child_cat\":\"\",\"sub_cat_ajax\":\"\",\"ajax_pagination\":\"next_prev\",\"header_color\":\"\",\"header_text_color\":\"\",\"ajax_pagination_infinite_stop\":\"\",\"td_column_number\":1,\"td_ajax_preloading\":\"\",\"td_ajax_filter_type\":\"\",\"td_ajax_filter_ids\":\"\",\"td_filter_default_txt\":\"Alle\",\"color_preset\":\"\",\"border_top\":\"\",\"class\":\"td_uid_2_6a9565d53716c_rand\",\"el_class\":\"\",\"offset\":\"\",\"css\":\"\",\"tdc_css\":\"\",\"tdc_css_class\":\"td_uid_2_6a9565d53716c_rand\",\"tdc_css_class_style\":\"td_uid_2_6a9565d53716c_rand_style\",\"live_filter\":\"\",\"live_filter_cur_post_id\":\"\",\"live_filter_cur_post_author\":\"\",\"block_template_id\":\"\"}';\nblock_td_uid_2_6a9565d53716c.td_column_number = \"1\";\nblock_td_uid_2_6a9565d53716c.block_type = \"td_block_11\";\nblock_td_uid_2_6a9565d53716c.post_count = \"3\";\nblock_td_uid_2_6a9565d53716c.found_posts = \"40\";\nblock_td_uid_2_6a9565d53716c.header_color = \"\";\nblock_td_uid_2_6a9565d53716c.ajax_pagination_infinite_stop = \"\";\nblock_td_uid_2_6a9565d53716c.max_num_pages = \"14\";\ntdBlocksArray.push(block_td_uid_2_6a9565d53716c);\n<\/script><div class=\"td-block-title-wrap\"><h4 class=\"td-block-title\"><span class=\"td-pulldown-size\">Agenda<\/span><\/h4><\/div><div id=td_uid_2_6a9565d53716c class=\"td_block_inner\">\n\n\t<div class=\"td-block-span12\">\n\r\n        <div class=\"td_module_10 td_module_wrap td-animation-stack td-meta-info-hide\">\r\n            <div class=\"td-module-thumb\"><a href=\"https:\/\/entreprendrexxl.be\/nl\/salon-entreprendre-a-ixelles\/\" rel=\"bookmark\" title=\"Salon Entreprendre \u00e0 Ixelles\"><img loading=\"lazy\" decoding=\"async\" width=\"218\" height=\"150\" class=\"entry-thumb\" src=\"https:\/\/entreprendrexxl.be\/wp-content\/uploads\/2026\/08\/Salon-Entreprendre-_-Publication-Instagram-218x150.png\" srcset=\"https:\/\/entreprendrexxl.be\/wp-content\/uploads\/2026\/08\/Salon-Entreprendre-_-Publication-Instagram-218x150.png 218w, https:\/\/entreprendrexxl.be\/wp-content\/uploads\/2026\/08\/Salon-Entreprendre-_-Publication-Instagram-100x70.png 100w\" sizes=\"auto, (max-width: 218px) 100vw, 218px\" alt=\"\" title=\"Salon Entreprendre \u00e0 Ixelles\"\/><\/a><\/div>\r\n            <div class=\"item-details\">\r\n            <h3 class=\"entry-title td-module-title\"><a href=\"https:\/\/entreprendrexxl.be\/nl\/salon-entreprendre-a-ixelles\/\" rel=\"bookmark\" title=\"Salon Entreprendre \u00e0 Ixelles\">Salon Entreprendre \u00e0 Ixelles<\/a><\/h3>\r\n                <div class=\"td-module-meta-info\">\r\n                    <a href=\"https:\/\/entreprendrexxl.be\/nl\/category\/agenda-ixelles\/\" class=\"td-post-category\">Kalender Elsene<\/a>                                                                                        <\/div>\r\n\r\n                <div class=\"td-excerpt\">\r\n                    Le Salon Entreprendre d\u2019Ixelles vous ouvre ses portes\u00a0!\r\nInscrivez-vous et d\u00e9couvrez un espace d\u2019inspiration et de rencontres pour d\u00e9velopper et \u00e9changer vos id\u00e9es entrepreneuriales.\r\nMardi 15 septembre 2026 de 17h00 \u00e0 20h00\r\n\r\nCommune d\u2019Ixelles,...                <\/div>\r\n            <\/div>\r\n\r\n        <\/div>\r\n\r\n        \n\t<\/div> <!-- .\/td-block-span12 -->\n\n\t<div class=\"td-block-span12\">\n\r\n        <div class=\"td_module_10 td_module_wrap td-animation-stack td-meta-info-hide\">\r\n            <div class=\"td-module-thumb\"><a href=\"https:\/\/entreprendrexxl.be\/nl\/summer-bailli\/\" rel=\"bookmark\" title=\"Summer Bailli\"><img loading=\"lazy\" decoding=\"async\" width=\"218\" height=\"150\" class=\"entry-thumb\" src=\"https:\/\/entreprendrexxl.be\/wp-content\/uploads\/2026\/05\/27-JUNE-2026-218x150.png\" srcset=\"https:\/\/entreprendrexxl.be\/wp-content\/uploads\/2026\/05\/27-JUNE-2026-218x150.png 218w, https:\/\/entreprendrexxl.be\/wp-content\/uploads\/2026\/05\/27-JUNE-2026-100x70.png 100w\" sizes=\"auto, (max-width: 218px) 100vw, 218px\" alt=\"\" title=\"Summer Bailli\"\/><\/a><\/div>\r\n            <div class=\"item-details\">\r\n            <h3 class=\"entry-title td-module-title\"><a href=\"https:\/\/entreprendrexxl.be\/nl\/summer-bailli\/\" rel=\"bookmark\" title=\"Summer Bailli\">Summer Bailli<\/a><\/h3>\r\n                <div class=\"td-module-meta-info\">\r\n                    <a href=\"https:\/\/entreprendrexxl.be\/nl\/category\/agenda-ixelles\/\" class=\"td-post-category\">Kalender Elsene<\/a>                                                                                        <\/div>\r\n\r\n                <div class=\"td-excerpt\">\r\n                    \r\n\r\nSummer Bailli is een zomers initiatief in samenwerking met Ondernemen Brussel, Ondernemen XXL en de MIVB om de Baljuwstraat nieuw leven in te blazen na de werken aan lijn 81. Het...                <\/div>\r\n            <\/div>\r\n\r\n        <\/div>\r\n\r\n        \n\t<\/div> <!-- .\/td-block-span12 -->\n\n\t<div class=\"td-block-span12\">\n\r\n        <div class=\"td_module_10 td_module_wrap td-animation-stack td-meta-info-hide\">\r\n            <div class=\"td-module-thumb\"><a href=\"https:\/\/entreprendrexxl.be\/nl\/bailli-en-fetes\/\" rel=\"bookmark\" title=\"Feest in de Baljuwwijk\"><img loading=\"lazy\" decoding=\"async\" width=\"218\" height=\"150\" class=\"entry-thumb\" src=\"https:\/\/entreprendrexxl.be\/wp-content\/uploads\/2025\/11\/Quartier-Bailli-en-Fetes-Publication-Instagram-45-1-218x150.png\" srcset=\"https:\/\/entreprendrexxl.be\/wp-content\/uploads\/2025\/11\/Quartier-Bailli-en-Fetes-Publication-Instagram-45-1-218x150.png 218w, https:\/\/entreprendrexxl.be\/wp-content\/uploads\/2025\/11\/Quartier-Bailli-en-Fetes-Publication-Instagram-45-1-100x70.png 100w\" sizes=\"auto, (max-width: 218px) 100vw, 218px\" alt=\"\" title=\"Feest in de Baljuwwijk\"\/><\/a><\/div>\r\n            <div class=\"item-details\">\r\n            <h3 class=\"entry-title td-module-title\"><a href=\"https:\/\/entreprendrexxl.be\/nl\/bailli-en-fetes\/\" rel=\"bookmark\" title=\"Feest in de Baljuwwijk\">Feest in de Baljuwwijk<\/a><\/h3>\r\n                <div class=\"td-module-meta-info\">\r\n                    <a href=\"https:\/\/entreprendrexxl.be\/nl\/category\/agenda\/\" class=\"td-post-category\">Kalender<\/a>                                                                                        <\/div>\r\n\r\n                <div class=\"td-excerpt\">\r\n                    Wedstrijd\r\n\r\nOm de Baljuwwijk tijdens de eindejaarsperiode 2025 te doen bruisen, nodig de para-gemeentelijke vzw Ondernemen XXL u uit om mee te werken aan een feestelijke wedstrijd.\r\n\r\nVan 12 december 2025 tot en...                <\/div>\r\n            <\/div>\r\n\r\n        <\/div>\r\n\r\n        \n\t<\/div> <!-- .\/td-block-span12 --><\/div><div class=\"td-next-prev-wrap\"><a href=\"#\" class=\"td-ajax-prev-page ajax-page-disabled\" id=\"prev-page-td_uid_2_6a9565d53716c\" data-td_block_id=\"td_uid_2_6a9565d53716c\"><i class=\"td-icon-font td-icon-menu-left\"><\/i><\/a><a href=\"#\"  class=\"td-ajax-next-page\" id=\"next-page-td_uid_2_6a9565d53716c\" data-td_block_id=\"td_uid_2_6a9565d53716c\"><i class=\"td-icon-font td-icon-menu-right\"><\/i><\/a><\/div><\/div> <!-- .\/block -->[\/vc_column][vc_column width=&#8221;1\/3&#8243;][vc_widget_sidebar sidebar_id=&#8221;td-default&#8221;][\/vc_column][\/vc_row]<\/p>\n","protected":false},"excerpt":{"rendered":"<p>[vc_row][vc_column width=&#8221;2\/3&#8243;][vc_empty_space][vc_raw_html]JTNDZGl2JTIwaWQlM0QlMjJhZ2VuZGElMjIlM0UlM0MlMkZkaXYlM0U=[\/vc_raw_html][\/vc_column][vc_column width=&#8221;1\/3&#8243;][vc_widget_sidebar sidebar_id=&#8221;td-default&#8221;][\/vc_column][\/vc_row]<\/p>\n","protected":false},"author":1,"featured_media":0,"parent":0,"menu_order":0,"comment_status":"closed","ping_status":"closed","template":"","meta":{"footnotes":""},"class_list":["post-42","page","type-page","status-publish","hentry"],"_links":{"self":[{"href":"https:\/\/entreprendrexxl.be\/nl\/wp-json\/wp\/v2\/pages\/42","targetHints":{"allow":["GET"]}}],"collection":[{"href":"https:\/\/entreprendrexxl.be\/nl\/wp-json\/wp\/v2\/pages"}],"about":[{"href":"https:\/\/entreprendrexxl.be\/nl\/wp-json\/wp\/v2\/types\/page"}],"author":[{"embeddable":true,"href":"https:\/\/entreprendrexxl.be\/nl\/wp-json\/wp\/v2\/users\/1"}],"replies":[{"embeddable":true,"href":"https:\/\/entreprendrexxl.be\/nl\/wp-json\/wp\/v2\/comments?post=42"}],"version-history":[{"count":39,"href":"https:\/\/entreprendrexxl.be\/nl\/wp-json\/wp\/v2\/pages\/42\/revisions"}],"predecessor-version":[{"id":463,"href":"https:\/\/entreprendrexxl.be\/nl\/wp-json\/wp\/v2\/pages\/42\/revisions\/463"}],"wp:attachment":[{"href":"https:\/\/entreprendrexxl.be\/nl\/wp-json\/wp\/v2\/media?parent=42"}],"curies":[{"name":"wp","href":"https:\/\/api.w.org\/{rel}","templated":true}]}}