{"id":42,"date":"2017-12-15T16:15:00","date_gmt":"2017-12-15T15:15:00","guid":{"rendered":"http:\/\/entreprendrexxl.be\/?page_id=42"},"modified":"2022-04-01T12:24:50","modified_gmt":"2022-04-01T10:24:50","slug":"nos-partenaires","status":"publish","type":"page","link":"https:\/\/entreprendrexxl.be\/fr\/nos-partenaires\/","title":{"rendered":"Nos partenaires &#8211; Nos projets"},"content":{"rendered":"<p>[vc_row][vc_column width=\u00a0\u00bb2\/3&Prime;]<div class=\"td_block_wrap td_block_11 td_uid_1_69f207811a3d8_rand td_with_ajax_pagination td-pb-border-top td_block_template_2 td-column-1\"  data-td-block-uid=\"td_uid_1_69f207811a3d8\" ><script>var block_td_uid_1_69f207811a3d8 = new tdBlock();\nblock_td_uid_1_69f207811a3d8.id = \"td_uid_1_69f207811a3d8\";\nblock_td_uid_1_69f207811a3d8.atts = '{\"limit\":\"3\",\"sort\":\"\",\"post_ids\":\"\",\"tag_slug\":\"\",\"autors_id\":\"\",\"installed_post_types\":\"\",\"category_id\":\"7\",\"category_ids\":\"\",\"custom_title\":\"Agenda\",\"custom_url\":\"\",\"show_child_cat\":\"\",\"sub_cat_ajax\":\"\",\"ajax_pagination\":\"next_prev\",\"header_color\":\"\",\"header_text_color\":\"\",\"ajax_pagination_infinite_stop\":\"\",\"td_column_number\":1,\"td_ajax_preloading\":\"\",\"td_ajax_filter_type\":\"\",\"td_ajax_filter_ids\":\"\",\"td_filter_default_txt\":\"Alle\",\"color_preset\":\"\",\"border_top\":\"\",\"class\":\"td_uid_1_69f207811a3d8_rand\",\"el_class\":\"\",\"offset\":\"\",\"css\":\"\",\"tdc_css\":\"\",\"tdc_css_class\":\"td_uid_1_69f207811a3d8_rand\",\"tdc_css_class_style\":\"td_uid_1_69f207811a3d8_rand_style\",\"live_filter\":\"\",\"live_filter_cur_post_id\":\"\",\"live_filter_cur_post_author\":\"\",\"block_template_id\":\"\"}';\nblock_td_uid_1_69f207811a3d8.td_column_number = \"1\";\nblock_td_uid_1_69f207811a3d8.block_type = \"td_block_11\";\nblock_td_uid_1_69f207811a3d8.post_count = \"3\";\nblock_td_uid_1_69f207811a3d8.found_posts = \"41\";\nblock_td_uid_1_69f207811a3d8.header_color = \"\";\nblock_td_uid_1_69f207811a3d8.ajax_pagination_infinite_stop = \"\";\nblock_td_uid_1_69f207811a3d8.max_num_pages = \"14\";\ntdBlocksArray.push(block_td_uid_1_69f207811a3d8);\n<\/script><div class=\"td-block-title-wrap\"><h4 class=\"td-block-title\"><span class=\"td-pulldown-size\">Agenda<\/span><\/h4><\/div><div id=td_uid_1_69f207811a3d8 class=\"td_block_inner\">\n\n\t<div class=\"td-block-span12\">\n\r\n        <div class=\"td_module_10 td_module_wrap td-animation-stack td-meta-info-hide\">\r\n            <div class=\"td-module-thumb\"><a href=\"https:\/\/entreprendrexxl.be\/fr\/bailli-en-fetes\/\" rel=\"bookmark\" title=\"Quartier Bailli en f\u00eates\"><img loading=\"lazy\" decoding=\"async\" width=\"218\" height=\"150\" class=\"entry-thumb\" src=\"https:\/\/entreprendrexxl.be\/wp-content\/uploads\/2025\/11\/Quartier-Bailli-en-Fetes-Publication-Instagram-45-1-218x150.png\" srcset=\"https:\/\/entreprendrexxl.be\/wp-content\/uploads\/2025\/11\/Quartier-Bailli-en-Fetes-Publication-Instagram-45-1-218x150.png 218w, https:\/\/entreprendrexxl.be\/wp-content\/uploads\/2025\/11\/Quartier-Bailli-en-Fetes-Publication-Instagram-45-1-100x70.png 100w\" sizes=\"auto, (max-width: 218px) 100vw, 218px\" alt=\"\" title=\"Quartier Bailli en f\u00eates\"\/><\/a><\/div>\r\n            <div class=\"item-details\">\r\n            <h3 class=\"entry-title td-module-title\"><a href=\"https:\/\/entreprendrexxl.be\/fr\/bailli-en-fetes\/\" rel=\"bookmark\" title=\"Quartier Bailli en f\u00eates\">Quartier Bailli en f\u00eates<\/a><\/h3>\r\n                <div class=\"td-module-meta-info\">\r\n                    <a href=\"https:\/\/entreprendrexxl.be\/fr\/category\/agenda\/\" class=\"td-post-category\">Agenda<\/a>                                                                                        <\/div>\r\n\r\n                <div class=\"td-excerpt\">\r\n                    Concours de No\u00ebl 2025\r\n\r\nA l\u2019occasion des f\u00eates de fin d\u2019ann\u00e9e, le quartier Bailli s\u2019anime ! Les commer\u00e7ants vous proposent un jeu-concours 100% gratuit, ouvert \u00e0 toutes et tous. \u00c0 partir du...                <\/div>\r\n            <\/div>\r\n\r\n        <\/div>\r\n\r\n        \n\t<\/div> <!-- .\/td-block-span12 -->\n\n\t<div class=\"td-block-span12\">\n\r\n        <div class=\"td_module_10 td_module_wrap td-animation-stack td-meta-info-hide\">\r\n            <div class=\"td-module-thumb\"><a href=\"https:\/\/entreprendrexxl.be\/fr\/vous-etes-ixelloise-ou-etterbeekoise-et-revez-dentreprendre\/\" rel=\"bookmark\" title=\"Vous \u00eates Ixelloise ou Etterbeekoise et r\u00eavez d\u2019entreprendre ?\"><img loading=\"lazy\" decoding=\"async\" width=\"218\" height=\"150\" class=\"entry-thumb\" src=\"https:\/\/entreprendrexxl.be\/wp-content\/uploads\/2025\/10\/SDE-2025-VF-Publication-10-x-10-cm-218x150.png\" srcset=\"https:\/\/entreprendrexxl.be\/wp-content\/uploads\/2025\/10\/SDE-2025-VF-Publication-10-x-10-cm-218x150.png 218w, https:\/\/entreprendrexxl.be\/wp-content\/uploads\/2025\/10\/SDE-2025-VF-Publication-10-x-10-cm-100x70.png 100w\" sizes=\"auto, (max-width: 218px) 100vw, 218px\" alt=\"\" title=\"Vous \u00eates Ixelloise ou Etterbeekoise et r\u00eavez d\u2019entreprendre ?\"\/><\/a><\/div>\r\n            <div class=\"item-details\">\r\n            <h3 class=\"entry-title td-module-title\"><a href=\"https:\/\/entreprendrexxl.be\/fr\/vous-etes-ixelloise-ou-etterbeekoise-et-revez-dentreprendre\/\" rel=\"bookmark\" title=\"Vous \u00eates Ixelloise ou Etterbeekoise et r\u00eavez d\u2019entreprendre ?\">Vous \u00eates Ixelloise ou Etterbeekoise et r\u00eavez d\u2019entreprendre ?<\/a><\/h3>\r\n                <div class=\"td-module-meta-info\">\r\n                    <a href=\"https:\/\/entreprendrexxl.be\/fr\/category\/agenda-ixelles\/\" class=\"td-post-category\">Agenda Ixelles<\/a>                                                                                        <\/div>\r\n\r\n                <div class=\"td-excerpt\">\r\n                    Du 17 au 20 novembre 2025\u00a0!\r\n\r\nVous avez un projet entrepreneurial ou vous vous \u00eates lanc\u00e9e r\u00e9cemment dans l\u2019aventure de l\u2019ind\u00e9pendance\u00a0?\r\n\r\nEntreprendre XXL et le Guichet Entreprendre de la Commune d\u2019Ixelles s\u2019associent \u00e0...                <\/div>\r\n            <\/div>\r\n\r\n        <\/div>\r\n\r\n        \n\t<\/div> <!-- .\/td-block-span12 -->\n\n\t<div class=\"td-block-span12\">\n\r\n        <div class=\"td_module_10 td_module_wrap td-animation-stack td-meta-info-hide\">\r\n            <div class=\"td-module-thumb\"><a href=\"https:\/\/entreprendrexxl.be\/fr\/chatelain-en-fete-2\/\" rel=\"bookmark\" title=\"Ch\u00e2telain en f\u00eate !\"><img loading=\"lazy\" decoding=\"async\" width=\"218\" height=\"150\" class=\"entry-thumb\" src=\"https:\/\/entreprendrexxl.be\/wp-content\/uploads\/2025\/09\/1-1-218x150.png\" srcset=\"https:\/\/entreprendrexxl.be\/wp-content\/uploads\/2025\/09\/1-1-218x150.png 218w, https:\/\/entreprendrexxl.be\/wp-content\/uploads\/2025\/09\/1-1-100x70.png 100w\" sizes=\"auto, (max-width: 218px) 100vw, 218px\" alt=\"\" title=\"Ch\u00e2telain en f\u00eate !\"\/><\/a><\/div>\r\n            <div class=\"item-details\">\r\n            <h3 class=\"entry-title td-module-title\"><a href=\"https:\/\/entreprendrexxl.be\/fr\/chatelain-en-fete-2\/\" rel=\"bookmark\" title=\"Ch\u00e2telain en f\u00eate !\">Ch\u00e2telain en f\u00eate !<\/a><\/h3>\r\n                <div class=\"td-module-meta-info\">\r\n                    <a href=\"https:\/\/entreprendrexxl.be\/fr\/category\/agenda-ixelles\/\" class=\"td-post-category\">Agenda Ixelles<\/a>                                                                                        <\/div>\r\n\r\n                <div class=\"td-excerpt\">\r\n                    Ixelles accueille le Weekend du client 2025\u00a0\r\nMan\u00e8ge, fanfare, ambiance conviviale\u2026 Tout est r\u00e9uni pour c\u00e9l\u00e9brer les clients et leurs commerces de quartier! Mais attention, ici on ne monte pas dans le...                <\/div>\r\n            <\/div>\r\n\r\n        <\/div>\r\n\r\n        \n\t<\/div> <!-- .\/td-block-span12 --><\/div><div class=\"td-next-prev-wrap\"><a href=\"#\" class=\"td-ajax-prev-page ajax-page-disabled\" id=\"prev-page-td_uid_1_69f207811a3d8\" data-td_block_id=\"td_uid_1_69f207811a3d8\"><i class=\"td-icon-font td-icon-menu-left\"><\/i><\/a><a href=\"#\"  class=\"td-ajax-next-page\" id=\"next-page-td_uid_1_69f207811a3d8\" data-td_block_id=\"td_uid_1_69f207811a3d8\"><i class=\"td-icon-font td-icon-menu-right\"><\/i><\/a><\/div><\/div> <!-- .\/block --><div class=\"td_block_wrap td_block_11 td_uid_2_69f207811ea28_rand td_with_ajax_pagination td-pb-border-top td_block_template_2 td-column-1\"  data-td-block-uid=\"td_uid_2_69f207811ea28\" ><script>var block_td_uid_2_69f207811ea28 = new tdBlock();\nblock_td_uid_2_69f207811ea28.id = \"td_uid_2_69f207811ea28\";\nblock_td_uid_2_69f207811ea28.atts = '{\"limit\":\"3\",\"sort\":\"oldest_posts\",\"post_ids\":\"\",\"tag_slug\":\"\",\"autors_id\":\"\",\"installed_post_types\":\"\",\"category_id\":\"10\",\"category_ids\":\"\",\"custom_title\":\"Nos projets\",\"custom_url\":\"\",\"show_child_cat\":\"\",\"sub_cat_ajax\":\"\",\"ajax_pagination\":\"next_prev\",\"header_color\":\"\",\"header_text_color\":\"\",\"ajax_pagination_infinite_stop\":\"\",\"td_column_number\":1,\"td_ajax_preloading\":\"\",\"td_ajax_filter_type\":\"\",\"td_ajax_filter_ids\":\"\",\"td_filter_default_txt\":\"Alle\",\"color_preset\":\"\",\"border_top\":\"\",\"class\":\"td_uid_2_69f207811ea28_rand\",\"el_class\":\"\",\"offset\":\"\",\"css\":\"\",\"tdc_css\":\"\",\"tdc_css_class\":\"td_uid_2_69f207811ea28_rand\",\"tdc_css_class_style\":\"td_uid_2_69f207811ea28_rand_style\",\"live_filter\":\"\",\"live_filter_cur_post_id\":\"\",\"live_filter_cur_post_author\":\"\",\"block_template_id\":\"\"}';\nblock_td_uid_2_69f207811ea28.td_column_number = \"1\";\nblock_td_uid_2_69f207811ea28.block_type = \"td_block_11\";\nblock_td_uid_2_69f207811ea28.post_count = \"3\";\nblock_td_uid_2_69f207811ea28.found_posts = \"8\";\nblock_td_uid_2_69f207811ea28.header_color = \"\";\nblock_td_uid_2_69f207811ea28.ajax_pagination_infinite_stop = \"\";\nblock_td_uid_2_69f207811ea28.max_num_pages = \"3\";\ntdBlocksArray.push(block_td_uid_2_69f207811ea28);\n<\/script><div class=\"td-block-title-wrap\"><h4 class=\"td-block-title\"><span class=\"td-pulldown-size\">Nos projets<\/span><\/h4><\/div><div id=td_uid_2_69f207811ea28 class=\"td_block_inner\">\n\n\t<div class=\"td-block-span12\">\n\r\n        <div class=\"td_module_10 td_module_wrap td-animation-stack td-meta-info-hide\">\r\n            <div class=\"td-module-thumb\"><a href=\"https:\/\/entreprendrexxl.be\/fr\/ixelles-dynamise-les-cellules-commerciales-vides\/\" rel=\"bookmark\" title=\"Ixelles dynamise les cellules commerciales vides\"><img loading=\"lazy\" decoding=\"async\" width=\"218\" height=\"150\" class=\"entry-thumb\" src=\"https:\/\/entreprendrexxl.be\/wp-content\/uploads\/2022\/03\/20220203_131059-1-218x150.jpg\" srcset=\"https:\/\/entreprendrexxl.be\/wp-content\/uploads\/2022\/03\/20220203_131059-1-218x150.jpg 218w, https:\/\/entreprendrexxl.be\/wp-content\/uploads\/2022\/03\/20220203_131059-1-100x70.jpg 100w\" sizes=\"auto, (max-width: 218px) 100vw, 218px\" alt=\"\" title=\"Ixelles dynamise les cellules commerciales vides\"\/><\/a><\/div>\r\n            <div class=\"item-details\">\r\n            <h3 class=\"entry-title td-module-title\"><a href=\"https:\/\/entreprendrexxl.be\/fr\/ixelles-dynamise-les-cellules-commerciales-vides\/\" rel=\"bookmark\" title=\"Ixelles dynamise les cellules commerciales vides\">Ixelles dynamise les cellules commerciales vides<\/a><\/h3>\r\n                <div class=\"td-module-meta-info\">\r\n                    <a href=\"https:\/\/entreprendrexxl.be\/fr\/category\/projecten\/\" class=\"td-post-category\">Projets<\/a>                                                                                        <\/div>\r\n\r\n                <div class=\"td-excerpt\">\r\n                    L\u2019ASBL Entreprendre XXL m\u00e8ne un projet afin de dynamiser les quartiers commer\u00e7ants et plus particuli\u00e8rement les cellules vides dans le p\u00e9rim\u00e8tre du Nord d\u2019Ixelles.\r\n\r\n\u00a0\u00ab\u00a0On constate, dans le Nord d\u2019Ixelles, une s\u00e9rie...                <\/div>\r\n            <\/div>\r\n\r\n        <\/div>\r\n\r\n        \n\t<\/div> <!-- .\/td-block-span12 -->\n\n\t<div class=\"td-block-span12\">\n\r\n        <div class=\"td_module_10 td_module_wrap td-animation-stack td-meta-info-hide\">\r\n            <div class=\"td-module-thumb\"><a href=\"https:\/\/entreprendrexxl.be\/fr\/appel-a-candidature-oeuvres-artistiques\/\" rel=\"bookmark\" title=\"Appel \u00e0 candidature ! Oeuvres artistiques\"><img loading=\"lazy\" decoding=\"async\" width=\"218\" height=\"150\" class=\"entry-thumb\" src=\"https:\/\/entreprendrexxl.be\/wp-content\/uploads\/2022\/09\/Copie-de-Appel-a-candidature-2-218x150.png\" srcset=\"https:\/\/entreprendrexxl.be\/wp-content\/uploads\/2022\/09\/Copie-de-Appel-a-candidature-2-218x150.png 218w, https:\/\/entreprendrexxl.be\/wp-content\/uploads\/2022\/09\/Copie-de-Appel-a-candidature-2-100x70.png 100w\" sizes=\"auto, (max-width: 218px) 100vw, 218px\" alt=\"\" title=\"Appel \u00e0 candidature ! Oeuvres artistiques\"\/><\/a><\/div>\r\n            <div class=\"item-details\">\r\n            <h3 class=\"entry-title td-module-title\"><a href=\"https:\/\/entreprendrexxl.be\/fr\/appel-a-candidature-oeuvres-artistiques\/\" rel=\"bookmark\" title=\"Appel \u00e0 candidature ! Oeuvres artistiques\">Appel \u00e0 candidature ! Oeuvres artistiques<\/a><\/h3>\r\n                <div class=\"td-module-meta-info\">\r\n                    <a href=\"https:\/\/entreprendrexxl.be\/fr\/category\/agenda\/\" class=\"td-post-category\">Agenda<\/a>                                                                                        <\/div>\r\n\r\n                <div class=\"td-excerpt\">\r\n                    Dans le cadre du projet d\u2019embellissement et de dynamisation commerciale des cellules inoccup\u00e9es, l\u2019ASBL Entreprendre XXL lance un appel \u00e0 candidatures pour s\u00e9lectionner des artistes qui exposeront une ou plusieurs \u0153uvres...                <\/div>\r\n            <\/div>\r\n\r\n        <\/div>\r\n\r\n        \n\t<\/div> <!-- .\/td-block-span12 -->\n\n\t<div class=\"td-block-span12\">\n\r\n        <div class=\"td_module_10 td_module_wrap td-animation-stack td-meta-info-hide\">\r\n            <div class=\"td-module-thumb\"><a href=\"https:\/\/entreprendrexxl.be\/fr\/commerce-en-devenir\/\" rel=\"bookmark\" title=\"Commerce en Devenir\"><img loading=\"lazy\" decoding=\"async\" width=\"218\" height=\"150\" class=\"entry-thumb\" src=\"https:\/\/entreprendrexxl.be\/wp-content\/uploads\/2023\/02\/Stephane-218x150.png\" srcset=\"https:\/\/entreprendrexxl.be\/wp-content\/uploads\/2023\/02\/Stephane-218x150.png 218w, https:\/\/entreprendrexxl.be\/wp-content\/uploads\/2023\/02\/Stephane-100x70.png 100w\" sizes=\"auto, (max-width: 218px) 100vw, 218px\" alt=\"\" title=\"Commerce en Devenir\"\/><\/a><\/div>\r\n            <div class=\"item-details\">\r\n            <h3 class=\"entry-title td-module-title\"><a href=\"https:\/\/entreprendrexxl.be\/fr\/commerce-en-devenir\/\" rel=\"bookmark\" title=\"Commerce en Devenir\">Commerce en Devenir<\/a><\/h3>\r\n                <div class=\"td-module-meta-info\">\r\n                    <a href=\"https:\/\/entreprendrexxl.be\/fr\/category\/agenda\/\" class=\"td-post-category\">Agenda<\/a>                                                                                        <\/div>\r\n\r\n                <div class=\"td-excerpt\">\r\n                    &nbsp;\r\n\r\n\r\nCommerce en Devenir est un projet d\u2019embellissement de nos quartiers commer\u00e7ants.\r\nObjectif ? Dynamiser les locaux commerciaux vides du quartier Flagey et les rendre attractifs pour les commer\u00e7ants et entrepreneuses en recherche...                <\/div>\r\n            <\/div>\r\n\r\n        <\/div>\r\n\r\n        \n\t<\/div> <!-- .\/td-block-span12 --><\/div><div class=\"td-next-prev-wrap\"><a href=\"#\" class=\"td-ajax-prev-page ajax-page-disabled\" id=\"prev-page-td_uid_2_69f207811ea28\" data-td_block_id=\"td_uid_2_69f207811ea28\"><i class=\"td-icon-font td-icon-menu-left\"><\/i><\/a><a href=\"#\"  class=\"td-ajax-next-page\" id=\"next-page-td_uid_2_69f207811ea28\" data-td_block_id=\"td_uid_2_69f207811ea28\"><i class=\"td-icon-font td-icon-menu-right\"><\/i><\/a><\/div><\/div> <!-- .\/block --><div class=\"td_block_wrap td_block_11 td_uid_3_69f2078121afb_rand td_with_ajax_pagination td-pb-border-top td_block_template_2 td-column-1\"  data-td-block-uid=\"td_uid_3_69f2078121afb\" ><script>var block_td_uid_3_69f2078121afb = new tdBlock();\nblock_td_uid_3_69f2078121afb.id = \"td_uid_3_69f2078121afb\";\nblock_td_uid_3_69f2078121afb.atts = '{\"limit\":\"3\",\"sort\":\"oldest_posts\",\"post_ids\":\"\",\"tag_slug\":\"\",\"autors_id\":\"\",\"installed_post_types\":\"\",\"category_id\":\"4\",\"category_ids\":\"\",\"custom_title\":\"Nos partenaires\",\"custom_url\":\"\",\"show_child_cat\":\"\",\"sub_cat_ajax\":\"\",\"ajax_pagination\":\"next_prev\",\"header_color\":\"\",\"header_text_color\":\"\",\"ajax_pagination_infinite_stop\":\"\",\"td_column_number\":1,\"td_ajax_preloading\":\"\",\"td_ajax_filter_type\":\"\",\"td_ajax_filter_ids\":\"\",\"td_filter_default_txt\":\"Alle\",\"color_preset\":\"\",\"border_top\":\"\",\"class\":\"td_uid_3_69f2078121afb_rand\",\"el_class\":\"\",\"offset\":\"\",\"css\":\"\",\"tdc_css\":\"\",\"tdc_css_class\":\"td_uid_3_69f2078121afb_rand\",\"tdc_css_class_style\":\"td_uid_3_69f2078121afb_rand_style\",\"live_filter\":\"\",\"live_filter_cur_post_id\":\"\",\"live_filter_cur_post_author\":\"\",\"block_template_id\":\"\"}';\nblock_td_uid_3_69f2078121afb.td_column_number = \"1\";\nblock_td_uid_3_69f2078121afb.block_type = \"td_block_11\";\nblock_td_uid_3_69f2078121afb.post_count = \"3\";\nblock_td_uid_3_69f2078121afb.found_posts = \"9\";\nblock_td_uid_3_69f2078121afb.header_color = \"\";\nblock_td_uid_3_69f2078121afb.ajax_pagination_infinite_stop = \"\";\nblock_td_uid_3_69f2078121afb.max_num_pages = \"3\";\ntdBlocksArray.push(block_td_uid_3_69f2078121afb);\n<\/script><div class=\"td-block-title-wrap\"><h4 class=\"td-block-title\"><span class=\"td-pulldown-size\">Nos partenaires<\/span><\/h4><\/div><div id=td_uid_3_69f2078121afb class=\"td_block_inner\">\n\n\t<div class=\"td-block-span12\">\n\r\n        <div class=\"td_module_10 td_module_wrap td-animation-stack td-meta-info-hide\">\r\n            <div class=\"td-module-thumb\"><a href=\"https:\/\/entreprendrexxl.be\/fr\/women-in-business\/\" rel=\"bookmark\" title=\"Women in Business\"><img loading=\"lazy\" decoding=\"async\" width=\"218\" height=\"150\" class=\"entry-thumb\" src=\"https:\/\/entreprendrexxl.be\/wp-content\/uploads\/2017\/12\/womeninbusiness-1-218x150.jpg\" srcset=\"https:\/\/entreprendrexxl.be\/wp-content\/uploads\/2017\/12\/womeninbusiness-1-218x150.jpg 218w, https:\/\/entreprendrexxl.be\/wp-content\/uploads\/2017\/12\/womeninbusiness-1-100x70.jpg 100w, https:\/\/entreprendrexxl.be\/wp-content\/uploads\/2017\/12\/womeninbusiness-1.jpg 734w\" sizes=\"auto, (max-width: 218px) 100vw, 218px\" alt=\"\" title=\"Women in Business\"\/><\/a><\/div>\r\n            <div class=\"item-details\">\r\n            <h3 class=\"entry-title td-module-title\"><a href=\"https:\/\/entreprendrexxl.be\/fr\/women-in-business\/\" rel=\"bookmark\" title=\"Women in Business\">Women in Business<\/a><\/h3>\r\n                <div class=\"td-module-meta-info\">\r\n                    <a href=\"https:\/\/entreprendrexxl.be\/fr\/category\/partenaires\/\" class=\"td-post-category\">Partenaires<\/a>                                                                                        <\/div>\r\n\r\n                <div class=\"td-excerpt\">\r\n                    En Belgique parmi les personnes impliqu\u00e9es dans un processus de cr\u00e9ation d\u2019entreprise, seulement 5% sont des femmes, c\u2019est en dessous de la moyenne europ\u00e9enne de 5.7%*. La n\u00e9cessit\u00e9 de d\u00e9velopper une...                <\/div>\r\n            <\/div>\r\n\r\n        <\/div>\r\n\r\n        \n\t<\/div> <!-- .\/td-block-span12 -->\n\n\t<div class=\"td-block-span12\">\n\r\n        <div class=\"td_module_10 td_module_wrap td-animation-stack td-meta-info-hide\">\r\n            <div class=\"td-module-thumb\"><a href=\"https:\/\/entreprendrexxl.be\/fr\/gel-dansaert\/\" rel=\"bookmark\" title=\"GEL Dansaert\"><img loading=\"lazy\" decoding=\"async\" width=\"218\" height=\"150\" class=\"entry-thumb\" src=\"https:\/\/entreprendrexxl.be\/wp-content\/uploads\/2017\/12\/geleconomielocale-1-218x150.jpg\" srcset=\"https:\/\/entreprendrexxl.be\/wp-content\/uploads\/2017\/12\/geleconomielocale-1-218x150.jpg 218w, https:\/\/entreprendrexxl.be\/wp-content\/uploads\/2017\/12\/geleconomielocale-1-100x70.jpg 100w, https:\/\/entreprendrexxl.be\/wp-content\/uploads\/2017\/12\/geleconomielocale-1.jpg 734w\" sizes=\"auto, (max-width: 218px) 100vw, 218px\" alt=\"\" title=\"GEL Dansaert\"\/><\/a><\/div>\r\n            <div class=\"item-details\">\r\n            <h3 class=\"entry-title td-module-title\"><a href=\"https:\/\/entreprendrexxl.be\/fr\/gel-dansaert\/\" rel=\"bookmark\" title=\"GEL Dansaert\">GEL Dansaert<\/a><\/h3>\r\n                <div class=\"td-module-meta-info\">\r\n                    <a href=\"https:\/\/entreprendrexxl.be\/fr\/category\/partenaires\/\" class=\"td-post-category\">Partenaires<\/a>                                                                                        <\/div>\r\n\r\n                <div class=\"td-excerpt\">\r\n                    Le GEL Dansaert oriente et accompagne des porteurs\/euses de projet de la R\u00e9gion bruxelloise et des entrepreneurs\/euses d\u00e9j\u00e0 lanc\u00e9-e-s dans la gestion de leurs activit\u00e9s. Via ce partenariat les porteurs\/euses de...                <\/div>\r\n            <\/div>\r\n\r\n        <\/div>\r\n\r\n        \n\t<\/div> <!-- .\/td-block-span12 -->\n\n\t<div class=\"td-block-span12\">\n\r\n        <div class=\"td_module_10 td_module_wrap td-animation-stack td-meta-info-hide\">\r\n            <div class=\"td-module-thumb\"><a href=\"https:\/\/entreprendrexxl.be\/fr\/gel-entreprendre\/\" rel=\"bookmark\" title=\"Guichet Entreprendre\u00a0\"><img loading=\"lazy\" decoding=\"async\" width=\"218\" height=\"150\" class=\"entry-thumb\" src=\"https:\/\/entreprendrexxl.be\/wp-content\/uploads\/2017\/12\/guichet-entreprendre-218x150.jpg\" srcset=\"https:\/\/entreprendrexxl.be\/wp-content\/uploads\/2017\/12\/guichet-entreprendre-218x150.jpg 218w, https:\/\/entreprendrexxl.be\/wp-content\/uploads\/2017\/12\/guichet-entreprendre-100x70.jpg 100w, https:\/\/entreprendrexxl.be\/wp-content\/uploads\/2017\/12\/guichet-entreprendre.jpg 734w\" sizes=\"auto, (max-width: 218px) 100vw, 218px\" alt=\"\" title=\"Guichet Entreprendre\u00a0\"\/><\/a><\/div>\r\n            <div class=\"item-details\">\r\n            <h3 class=\"entry-title td-module-title\"><a href=\"https:\/\/entreprendrexxl.be\/fr\/gel-entreprendre\/\" rel=\"bookmark\" title=\"Guichet Entreprendre\u00a0\">Guichet Entreprendre\u00a0<\/a><\/h3>\r\n                <div class=\"td-module-meta-info\">\r\n                    <a href=\"https:\/\/entreprendrexxl.be\/fr\/category\/partenaires\/\" class=\"td-post-category\">Partenaires<\/a>                                                                                        <\/div>\r\n\r\n                <div class=\"td-excerpt\">\r\n                    Le Guichet communal Entreprendre est un service de la Cellule D\u00e9veloppement \u00e9conomique. En partenariat avec d\u2019autres structures il suit les porteurs\/euses de projet souhaitant s\u2019installer dans la Commune d\u2019Ixelles.\r\n\r\nUn accompagnement est...                <\/div>\r\n            <\/div>\r\n\r\n        <\/div>\r\n\r\n        \n\t<\/div> <!-- .\/td-block-span12 --><\/div><div class=\"td-next-prev-wrap\"><a href=\"#\" class=\"td-ajax-prev-page ajax-page-disabled\" id=\"prev-page-td_uid_3_69f2078121afb\" data-td_block_id=\"td_uid_3_69f2078121afb\"><i class=\"td-icon-font td-icon-menu-left\"><\/i><\/a><a href=\"#\"  class=\"td-ajax-next-page\" id=\"next-page-td_uid_3_69f2078121afb\" data-td_block_id=\"td_uid_3_69f2078121afb\"><i class=\"td-icon-font td-icon-menu-right\"><\/i><\/a><\/div><\/div> <!-- .\/block -->[vc_empty_space][vc_raw_html]JTNDZGl2JTIwaWQlM0QlMjJhZ2VuZGElMjIlM0UlM0MlMkZkaXYlM0U=[\/vc_raw_html][\/vc_column][vc_column width=\u00a0\u00bb1\/3&Prime;][vc_widget_sidebar sidebar_id=\u00a0\u00bbtd-default\u00a0\u00bb][\/vc_column][\/vc_row]<\/p>\n","protected":false},"excerpt":{"rendered":"<p>[vc_row][vc_column width=\u00a0\u00bb2\/3&Prime;][vc_empty_space][vc_raw_html]JTNDZGl2JTIwaWQlM0QlMjJhZ2VuZGElMjIlM0UlM0MlMkZkaXYlM0U=[\/vc_raw_html][\/vc_column][vc_column width=\u00a0\u00bb1\/3&Prime;][vc_widget_sidebar sidebar_id=\u00a0\u00bbtd-default\u00a0\u00bb][\/vc_column][\/vc_row]<\/p>\n","protected":false},"author":1,"featured_media":0,"parent":0,"menu_order":0,"comment_status":"closed","ping_status":"closed","template":"","meta":{"footnotes":""},"class_list":["post-42","page","type-page","status-publish","hentry"],"_links":{"self":[{"href":"https:\/\/entreprendrexxl.be\/fr\/wp-json\/wp\/v2\/pages\/42","targetHints":{"allow":["GET"]}}],"collection":[{"href":"https:\/\/entreprendrexxl.be\/fr\/wp-json\/wp\/v2\/pages"}],"about":[{"href":"https:\/\/entreprendrexxl.be\/fr\/wp-json\/wp\/v2\/types\/page"}],"author":[{"embeddable":true,"href":"https:\/\/entreprendrexxl.be\/fr\/wp-json\/wp\/v2\/users\/1"}],"replies":[{"embeddable":true,"href":"https:\/\/entreprendrexxl.be\/fr\/wp-json\/wp\/v2\/comments?post=42"}],"version-history":[{"count":39,"href":"https:\/\/entreprendrexxl.be\/fr\/wp-json\/wp\/v2\/pages\/42\/revisions"}],"predecessor-version":[{"id":463,"href":"https:\/\/entreprendrexxl.be\/fr\/wp-json\/wp\/v2\/pages\/42\/revisions\/463"}],"wp:attachment":[{"href":"https:\/\/entreprendrexxl.be\/fr\/wp-json\/wp\/v2\/media?parent=42"}],"curies":[{"name":"wp","href":"https:\/\/api.w.org\/{rel}","templated":true}]}}